{"id":1153,"date":"2021-04-29T13:37:12","date_gmt":"2021-04-29T12:37:12","guid":{"rendered":"https:\/\/eugeniomartins.pt\/privacy-policy\/"},"modified":"2023-03-01T19:37:24","modified_gmt":"2023-03-01T19:37:24","slug":"politica-privacidade","status":"publish","type":"page","link":"https:\/\/eugeniomartins.pt\/en\/politica-privacidade\/","title":{"rendered":"Pol\u00edtica de privacidade"},"content":{"rendered":"\t\t<div data-elementor-type=\"wp-page\" data-elementor-id=\"1153\" class=\"elementor elementor-1153 elementor-3\">\n\t\t\t\t\t\t<section class=\"elementor-section elementor-top-section elementor-element elementor-element-530c224f elementor-section-boxed elementor-section-height-default elementor-section-height-default\" data-id=\"530c224f\" data-element_type=\"section\" data-e-type=\"section\">\n\t\t\t\t\t\t<div class=\"elementor-container elementor-column-gap-default\">\n\t\t\t\t\t<div class=\"elementor-column elementor-col-100 elementor-top-column elementor-element elementor-element-35a0d23f\" data-id=\"35a0d23f\" data-element_type=\"column\" data-e-type=\"column\">\n\t\t\t<div class=\"elementor-widget-wrap elementor-element-populated\">\n\t\t\t\t\t\t<div class=\"elementor-element elementor-element-9fba0f3 elementor-widget elementor-widget-heading\" data-id=\"9fba0f3\" data-element_type=\"widget\" data-e-type=\"widget\" data-widget_type=\"heading.default\">\n\t\t\t\t<div class=\"elementor-widget-container\">\n\t\t\t\t\t<h2 class=\"elementor-heading-title elementor-size-default\">O Compromisso<\/h2>\t\t\t\t<\/div>\n\t\t\t\t<\/div>\n\t\t\t\t<div class=\"elementor-element elementor-element-886db0d elementor-widget elementor-widget-text-editor\" data-id=\"886db0d\" data-element_type=\"widget\" data-e-type=\"widget\" data-widget_type=\"text-editor.default\">\n\t\t\t\t<div class=\"elementor-widget-container\">\n\t\t\t\t\t\t\t\t\t<p class=\"tdfocus-1677699026647\">A Eug\u00e9nio Martins tem como compromisso o respeito pela privacidade dos utilizadores e a prote\u00e7\u00e3o e seguran\u00e7a dos seus dados pessoais, como tal garantimos que os dados pessoais s\u00e3o tratados de uma forma correta e l\u00edcita, em conformidade com as boas pr\u00e1ticas e de acordo com o Reg. (EU) 2016\/679, Regulamento Geral de Prote\u00e7\u00e3o de Dados.<br \/>Este website foi concebido para que a recolha e utiliza\u00e7\u00e3o dos seus dados pessoais seja m\u00ednima e n\u00e3o exceda o intuito original para o qual foram recolhidos.<br \/>A Eug\u00e9nio Martins aconselha a leitura da presente pol\u00edtica que estabelece a forma como os seus dados s\u00e3o tratados.<\/p>\t\t\t\t\t\t\t\t<\/div>\n\t\t\t\t<\/div>\n\t\t\t\t<div class=\"elementor-element elementor-element-75448f6 elementor-widget elementor-widget-heading\" data-id=\"75448f6\" data-element_type=\"widget\" data-e-type=\"widget\" data-widget_type=\"heading.default\">\n\t\t\t\t<div class=\"elementor-widget-container\">\n\t\t\t\t\t<h2 class=\"elementor-heading-title elementor-size-default\">Responsabilidade pelo tratamento dos dados pessoais<\/h2>\t\t\t\t<\/div>\n\t\t\t\t<\/div>\n\t\t\t\t<div class=\"elementor-element elementor-element-2609037 elementor-widget elementor-widget-text-editor\" data-id=\"2609037\" data-element_type=\"widget\" data-e-type=\"widget\" data-widget_type=\"text-editor.default\">\n\t\t\t\t<div class=\"elementor-widget-container\">\n\t\t\t\t\t\t\t\t\t<p class=\"tdfocus-1677699050421\">A Eug\u00e9nio Martins \u00e9 respons\u00e1vel pela defini\u00e7\u00e3o e implementa\u00e7\u00e3o desta pol\u00edtica, garantindo, entre outros aspetos, a conformidade do tratamento de dados com a legisla\u00e7\u00e3o em vigor e proceder \u00e0 verifica\u00e7\u00e3o do cumprimento desta Pol\u00edtica.<\/p>\t\t\t\t\t\t\t\t<\/div>\n\t\t\t\t<\/div>\n\t\t\t\t<div class=\"elementor-element elementor-element-902535b elementor-widget elementor-widget-heading\" data-id=\"902535b\" data-element_type=\"widget\" data-e-type=\"widget\" data-widget_type=\"heading.default\">\n\t\t\t\t<div class=\"elementor-widget-container\">\n\t\t\t\t\t<h2 class=\"elementor-heading-title elementor-size-default\">Como recolhemos os seus dados pessoais<\/h2>\t\t\t\t<\/div>\n\t\t\t\t<\/div>\n\t\t\t\t<div class=\"elementor-element elementor-element-62bc03b elementor-widget elementor-widget-text-editor\" data-id=\"62bc03b\" data-element_type=\"widget\" data-e-type=\"widget\" data-widget_type=\"text-editor.default\">\n\t\t\t\t<div class=\"elementor-widget-container\">\n\t\t\t\t\t\t\t\t\t<p>Por dados pessoais entende-se qualquer informa\u00e7\u00e3o, de qualquer natureza e independentemente do respetivo suporte, relativa a uma pessoa singular identificada ou identific\u00e1vel. \u00c9 considerada identific\u00e1vel, a pessoa que possa ser identificada direta ou indiretamente, designadamente por refer\u00eancia a um n\u00famero de identifica\u00e7\u00e3o ou a um ou mais elementos espec\u00edficos da sua identidade f\u00edsica, fisiol\u00f3gica, ps\u00edquica, econ\u00f3mica, cultural ou social<\/p><p>Os seus dados pessoais ser\u00e3o recolhidos e tratados nas seguintes situa\u00e7\u00f5es:<\/p><p>Se preencher os seus dados pessoais e submeter o Formul\u00e1rio de Contacto no nosso website.<br \/>Dados recolhidos: Nome, endere\u00e7o do correio eletr\u00f3nico e n\u00famero de telefone.<\/p>\t\t\t\t\t\t\t\t<\/div>\n\t\t\t\t<\/div>\n\t\t\t\t<div class=\"elementor-element elementor-element-27da90e elementor-widget elementor-widget-heading\" data-id=\"27da90e\" data-element_type=\"widget\" data-e-type=\"widget\" data-widget_type=\"heading.default\">\n\t\t\t\t<div class=\"elementor-widget-container\">\n\t\t\t\t\t<h2 class=\"elementor-heading-title elementor-size-default\">Finalidade da recolha dos dados pessoais<\/h2>\t\t\t\t<\/div>\n\t\t\t\t<\/div>\n\t\t\t\t<div class=\"elementor-element elementor-element-a3ead78 elementor-widget elementor-widget-text-editor\" data-id=\"a3ead78\" data-element_type=\"widget\" data-e-type=\"widget\" data-widget_type=\"text-editor.default\">\n\t\t\t\t<div class=\"elementor-widget-container\">\n\t\t\t\t\t\t\t\t\t<p class=\"tdfocus-1677699146366\">O tratamento da informa\u00e7\u00e3o recolhida tem como finalidade a promo\u00e7\u00e3o ativa dos nossos servi\u00e7os e produtos, intera\u00e7\u00e3o com o cliente e cumprimento da mat\u00e9ria fiscal. Utilizamos dados na comunica\u00e7\u00e3o para apresenta\u00e7\u00e3o de or\u00e7amentos, envio de faturas, nomeadamente atrav\u00e9s de endere\u00e7o de correio eletr\u00f3nico ou endere\u00e7o postal, gest\u00e3o de contactos, contabilidade, fatura\u00e7\u00e3o e informa\u00e7\u00e3o fiscal.<\/p>\t\t\t\t\t\t\t\t<\/div>\n\t\t\t\t<\/div>\n\t\t\t\t<div class=\"elementor-element elementor-element-3fc9b12 elementor-widget elementor-widget-heading\" data-id=\"3fc9b12\" data-element_type=\"widget\" data-e-type=\"widget\" data-widget_type=\"heading.default\">\n\t\t\t\t<div class=\"elementor-widget-container\">\n\t\t\t\t\t<h2 class=\"elementor-heading-title elementor-size-default\">Per\u00edodo de conserva\u00e7\u00e3o dos dados pessoais<\/h2>\t\t\t\t<\/div>\n\t\t\t\t<\/div>\n\t\t\t\t<div class=\"elementor-element elementor-element-f7c3cff elementor-widget elementor-widget-text-editor\" data-id=\"f7c3cff\" data-element_type=\"widget\" data-e-type=\"widget\" data-widget_type=\"text-editor.default\">\n\t\t\t\t<div class=\"elementor-widget-container\">\n\t\t\t\t\t\t\t\t\t<p class=\"tdfocus-1677699177426\">A Eug\u00e9nio Martins conservar\u00e1 os seus dados pessoais pelo per\u00edodo necess\u00e1rio \u00e0 presta\u00e7\u00e3o dos servi\u00e7os, respetiva fatura\u00e7\u00e3o e cumprimento das obriga\u00e7\u00f5es legais. Sempre que n\u00e3o exista uma obriga\u00e7\u00e3o legal espec\u00edfica, os dados pessoais s\u00e3o tratados pela Eug\u00e9nio Martins, apenas pelo per\u00edodo necess\u00e1rio para a realiza\u00e7\u00e3o da finalidade definida.<\/p>\t\t\t\t\t\t\t\t<\/div>\n\t\t\t\t<\/div>\n\t\t\t\t<div class=\"elementor-element elementor-element-a70b283 elementor-widget elementor-widget-heading\" data-id=\"a70b283\" data-element_type=\"widget\" data-e-type=\"widget\" data-widget_type=\"heading.default\">\n\t\t\t\t<div class=\"elementor-widget-container\">\n\t\t\t\t\t<h2 class=\"elementor-heading-title elementor-size-default\">Direitos dos titulares dos dados<\/h2>\t\t\t\t<\/div>\n\t\t\t\t<\/div>\n\t\t\t\t<div class=\"elementor-element elementor-element-12fd35f elementor-widget elementor-widget-text-editor\" data-id=\"12fd35f\" data-element_type=\"widget\" data-e-type=\"widget\" data-widget_type=\"text-editor.default\">\n\t\t\t\t<div class=\"elementor-widget-container\">\n\t\t\t\t\t\t\t\t\t<p>Nos termos da legisla\u00e7\u00e3o em vigor, \u00e9 garantido ao titular dos dados: o direito de acesso, atualiza\u00e7\u00e3o, retifica\u00e7\u00e3o ou elimina\u00e7\u00e3o dos seus dados pessoais, em qualquer altura. Para o exerc\u00edcio dos seus direitos, poder\u00e1 contactar-nos:<\/p><p>Por E-mail: geral@eugeniomartins.pt<br \/>Via Postal: Para a nossa sede, sita na Rua Sacadura Cabral, Areias de Almancil, Caixa 102. 8135-144 Almancil<\/p><p>Caso exer\u00e7a algum destes direitos iremos proceder \u00e0 sua an\u00e1lise e responderemos oportunamente.<\/p>\t\t\t\t\t\t\t\t<\/div>\n\t\t\t\t<\/div>\n\t\t\t\t<div class=\"elementor-element elementor-element-b4f61ca elementor-widget elementor-widget-heading\" data-id=\"b4f61ca\" data-element_type=\"widget\" data-e-type=\"widget\" data-widget_type=\"heading.default\">\n\t\t\t\t<div class=\"elementor-widget-container\">\n\t\t\t\t\t<h2 class=\"elementor-heading-title elementor-size-default\">Altera\u00e7\u00f5es \u00e0 Pol\u00edtica de privacidade<\/h2>\t\t\t\t<\/div>\n\t\t\t\t<\/div>\n\t\t\t\t<div class=\"elementor-element elementor-element-42ac3f6 elementor-widget elementor-widget-text-editor\" data-id=\"42ac3f6\" data-element_type=\"widget\" data-e-type=\"widget\" data-widget_type=\"text-editor.default\">\n\t\t\t\t<div class=\"elementor-widget-container\">\n\t\t\t\t\t\t\t\t\t<p class=\"tdfocus-1677699221489\">A Eug\u00e9nio Martins reserva-se ao direito de, a qualquer momento, atualizar ou rever a presente Pol\u00edtica de Privacidade a fim de a ajustar a eventuais altera\u00e7\u00f5es legislativas e\/ou outros condicionalismos. Qualquer altera\u00e7\u00e3o efetuada ser\u00e1 publicada neste espa\u00e7o, pelo que o utilizador dever\u00e1 visitar frequentemente esta \u00e1rea no sentido de se manter informado sobre a Pol\u00edtica de Privacidade em vigor.<\/p>\t\t\t\t\t\t\t\t<\/div>\n\t\t\t\t<\/div>\n\t\t\t\t\t<\/div>\n\t\t<\/div>\n\t\t\t\t\t<\/div>\n\t\t<\/section>\n\t\t\t\t<\/div>\n\t\t","protected":false},"excerpt":{"rendered":"<p>O Compromisso A Eug\u00e9nio Martins tem como compromisso o respeito pela privacidade dos utilizadores e a prote\u00e7\u00e3o e seguran\u00e7a dos seus dados pessoais, como tal garantimos que os dados pessoais s\u00e3o tratados de uma forma correta e l\u00edcita, em conformidade com as boas pr\u00e1ticas e de acordo com o Reg. (EU) 2016\/679, Regulamento Geral de [&hellip;]<\/p>\n","protected":false},"author":2,"featured_media":0,"parent":0,"menu_order":0,"comment_status":"closed","ping_status":"closed","template":"","meta":{"footnotes":""},"class_list":["post-1153","page","type-page","status-publish","hentry"],"_links":{"self":[{"href":"https:\/\/eugeniomartins.pt\/en\/wp-json\/wp\/v2\/pages\/1153","targetHints":{"allow":["GET"]}}],"collection":[{"href":"https:\/\/eugeniomartins.pt\/en\/wp-json\/wp\/v2\/pages"}],"about":[{"href":"https:\/\/eugeniomartins.pt\/en\/wp-json\/wp\/v2\/types\/page"}],"author":[{"embeddable":true,"href":"https:\/\/eugeniomartins.pt\/en\/wp-json\/wp\/v2\/users\/2"}],"replies":[{"embeddable":true,"href":"https:\/\/eugeniomartins.pt\/en\/wp-json\/wp\/v2\/comments?post=1153"}],"version-history":[{"count":1,"href":"https:\/\/eugeniomartins.pt\/en\/wp-json\/wp\/v2\/pages\/1153\/revisions"}],"predecessor-version":[{"id":1208,"href":"https:\/\/eugeniomartins.pt\/en\/wp-json\/wp\/v2\/pages\/1153\/revisions\/1208"}],"wp:attachment":[{"href":"https:\/\/eugeniomartins.pt\/en\/wp-json\/wp\/v2\/media?parent=1153"}],"curies":[{"name":"wp","href":"https:\/\/api.w.org\/{rel}","templated":true}]}}